{"id":1381,"date":"2024-05-16T23:38:51","date_gmt":"2024-05-16T21:38:51","guid":{"rendered":"https:\/\/lovynkkosmetik.fr\/?post_type=product&#038;p=1381"},"modified":"2024-11-22T22:13:42","modified_gmt":"2024-11-22T21:13:42","slug":"creme-de-jour-mat-protect","status":"publish","type":"product","link":"https:\/\/lovynkkosmetik.fr\/en\/product\/creme-de-jour-mat-protect\/","title":{"rendered":"Matt-protect day cream"},"content":{"rendered":"<h2>Skin Type :<\/h2>\n<ul>\n<li>Oily<\/li>\n<li>Combination<\/li>\n<\/ul>\n<h2>Concerns :<\/h2>\n<p>Avoir une peau matifi\u00e9e et une protection solaire<\/p>\n<h2>Benefits :<\/h2>\n<p><strong>Neem<\/strong> : elle poss\u00e8de des propri\u00e9t\u00e9s purifiantes et assainissantes qui permettent de pr\u00e9venir les imperfections et de garder la peau propre et saine.<\/p>\n<p><strong>Microsph\u00e8re de silice<\/strong> : Il matifie en absorbant l&rsquo;exc\u00e8s de s\u00e9bum, laissant votre peau avec un aspect matifi\u00e9 et frais tout au long de la journ\u00e9e.<\/p>\n<h2>How to use :<\/h2>\n<p>Prend une noisette de cr\u00e8me et masse doucement du cou vers le visage en indispensable le contour des yeux.<\/p>\n<h2>Ingredients :<\/h2>\n<p>INCI : aqua , Melia azadirachta , St\u00e9arate de saccharose , Silice , Alcool c\u00e9t\u00e9arylique , Glyc\u00e9rine , Oxyde de zinc , Parfum, Alcool benzylique Bienfaits des Ingr\u00e9dients :<\/p>\n<p>Aqua (Eau) : Essentielle \u00e0 l&rsquo;hydratation de la peau, maintient son \u00e9lasticit\u00e9.<\/p>\n<p>Melia Azadirachta (Neem) : Le neem poss\u00e8de des propri\u00e9t\u00e9s purifiantes et apaisantes, id\u00e9ales pour les peaux sujettes aux imperfections.<\/p>\n<p>Saccharose Stearate : \u00c9mollient et agent \u00e9paississant, contribue \u00e0 adoucir la peau.<\/p>\n<p>Silice : Contribue \u00e0 absorber l&rsquo;exc\u00e8s de s\u00e9bum, laissant la peau matifi\u00e9e.<\/p>\n<p>Alcool c\u00e9t\u00e9arylique : \u00c9mollient et \u00e9paississant, contribue \u00e0 adoucir la peau et \u00e0 stabiliser les \u00e9mulsions.<\/p>\n<p>Glyc\u00e9rine (Glyc\u00e9rine) : Hydratant naturel, tenue et retient l&rsquo;humidit\u00e9 pour la peau.<\/p>\n<p>Zinc Oxide (Oxyde de zinc) : Prot\u00e8ge la peau des rayons UV et des propri\u00e9t\u00e9s apaisantes.<\/p>\n<p>Parfum : Ajoute une odeur agr\u00e9able au produit, am\u00e9liorant l&rsquo;exp\u00e9rience sensorielle.<\/p>\n<p>Benzyl Alcohol : Conservateur naturel, assure la stabilit\u00e9 du produit en pr\u00e9venant la croissance bact\u00e9rienne.<\/p>\n<h2>Precautions for use :<\/h2>\n<p>Il est important de toujours faire un test au niveau du coude pour v\u00e9rifier si vous n&rsquo;\u00eates pas allergique \u00e0 l&rsquo;un des composants du produit.<br \/>\nAssurez-vous \u00e9galement de ne pas exposer le produit au soleil ou \u00e0 des temp\u00e9ratures \u00e9lev\u00e9es.<br \/>\n\u00c9vitez tout contact direct avec vos yeux pour \u00e9viter toute irritation.<\/p>\n<h2>R\u00e9sum\u00e9 de la marque Savann&rsquo; Cosm\u00e9tics :<\/h2>\n<p>Savann&rsquo; Cosm\u00e9tics a vu le jour en 2019.<\/p>\n<p>Elle a \u00e9t\u00e9 cr\u00e9\u00e9 suite mes probl\u00e8mes de peaux plus pr\u00e9cis\u00e9ment l&rsquo;ecz\u00e9ma.<\/p>\n<p>L&rsquo;entreprise met en avant les fruits et les graines de la Cara\u00efbes, plus pr\u00e9cis\u00e9ment le \u00a0\u00bb roucou-papaye et la papaye\u00a0\u00bb.<\/p>\n<p>C&rsquo;est une gamme sp\u00e9cialement faite pour les personnes ayant la peau mixtes , grasses ou acn\u00e9ique.<\/p>\n<p>Les packagings viennent de l&rsquo;Hexagone et ils sont tous recyclables.<\/p>","protected":false},"excerpt":{"rendered":"<p>La cr\u00e8me de jour Mat-Protect est sp\u00e9cialement con\u00e7ue pour offrir une protection et une matification efficaces \u00e0 votre peau. Sa formule non grasse, non collante et non com\u00e9dog\u00e8ne garantit une absorption rapide sans obstruer les pores. En plus de sa texture l\u00e9g\u00e8re, elle offre une protection solaire d&rsquo;indice 30 pour prot\u00e9ger votre peau des rayons UV nocifs. Appliquez cette cr\u00e8me pour profiter d&rsquo;une peau prot\u00e9g\u00e9e, matifi\u00e9e et pr\u00eate \u00e0 affronter la journ\u00e9e en toute confiance.<\/p>","protected":false},"featured_media":1275,"comment_status":"open","ping_status":"closed","template":"","meta":{"_acf_changed":false,"ocean_post_layout":"","ocean_both_sidebars_style":"","ocean_both_sidebars_content_width":0,"ocean_both_sidebars_sidebars_width":0,"ocean_sidebar":"0","ocean_second_sidebar":"0","ocean_disable_margins":"enable","ocean_add_body_class":"","ocean_shortcode_before_top_bar":"","ocean_shortcode_after_top_bar":"","ocean_shortcode_before_header":"","ocean_shortcode_after_header":"","ocean_has_shortcode":"","ocean_shortcode_after_title":"","ocean_shortcode_before_footer_widgets":"","ocean_shortcode_after_footer_widgets":"","ocean_shortcode_before_footer_bottom":"","ocean_shortcode_after_footer_bottom":"","ocean_display_top_bar":"default","ocean_display_header":"default","ocean_header_style":"","ocean_center_header_left_menu":"0","ocean_custom_header_template":"0","ocean_custom_logo":0,"ocean_custom_retina_logo":0,"ocean_custom_logo_max_width":0,"ocean_custom_logo_tablet_max_width":0,"ocean_custom_logo_mobile_max_width":0,"ocean_custom_logo_max_height":0,"ocean_custom_logo_tablet_max_height":0,"ocean_custom_logo_mobile_max_height":0,"ocean_header_custom_menu":"0","ocean_menu_typo_font_family":"0","ocean_menu_typo_font_subset":"","ocean_menu_typo_font_size":0,"ocean_menu_typo_font_size_tablet":0,"ocean_menu_typo_font_size_mobile":0,"ocean_menu_typo_font_size_unit":"px","ocean_menu_typo_font_weight":"","ocean_menu_typo_font_weight_tablet":"","ocean_menu_typo_font_weight_mobile":"","ocean_menu_typo_transform":"","ocean_menu_typo_transform_tablet":"","ocean_menu_typo_transform_mobile":"","ocean_menu_typo_line_height":0,"ocean_menu_typo_line_height_tablet":0,"ocean_menu_typo_line_height_mobile":0,"ocean_menu_typo_line_height_unit":"","ocean_menu_typo_spacing":0,"ocean_menu_typo_spacing_tablet":0,"ocean_menu_typo_spacing_mobile":0,"ocean_menu_typo_spacing_unit":"","ocean_menu_link_color":"","ocean_menu_link_color_hover":"","ocean_menu_link_color_active":"","ocean_menu_link_background":"","ocean_menu_link_hover_background":"","ocean_menu_link_active_background":"","ocean_menu_social_links_bg":"","ocean_menu_social_hover_links_bg":"","ocean_menu_social_links_color":"","ocean_menu_social_hover_links_color":"","ocean_disable_title":"default","ocean_disable_heading":"default","ocean_post_title":"","ocean_post_subheading":"","ocean_post_title_style":"","ocean_post_title_background_color":"","ocean_post_title_background":0,"ocean_post_title_bg_image_position":"","ocean_post_title_bg_image_attachment":"","ocean_post_title_bg_image_repeat":"","ocean_post_title_bg_image_size":"","ocean_post_title_height":0,"ocean_post_title_bg_overlay":0.5,"ocean_post_title_bg_overlay_color":"","ocean_disable_breadcrumbs":"default","ocean_breadcrumbs_color":"","ocean_breadcrumbs_separator_color":"","ocean_breadcrumbs_links_color":"","ocean_breadcrumbs_links_hover_color":"","ocean_display_footer_widgets":"default","ocean_display_footer_bottom":"default","ocean_custom_footer_template":"0","_glsr_average":4.4,"_glsr_ranking":3.8,"_glsr_reviews":5},"product_brand":[],"product_cat":[50,72],"product_tag":[108,159,137,106,83,99,98,135,123,210],"class_list":{"0":"post-1381","1":"product","2":"type-product","3":"status-publish","4":"has-post-thumbnail","6":"product_cat-creme-visage","7":"product_cat-savann-cosmetics","8":"product_tag-brillance","9":"product_tag-cremes","10":"product_tag-glycerine","11":"product_tag-imperfections","12":"product_tag-neem","13":"product_tag-peau-grasse","14":"product_tag-peau-mixte","15":"product_tag-produits","16":"product_tag-protection-solaire","17":"product_tag-savann-cosmetics","19":"entry","20":"has-media","22":"first","23":"instock","24":"shipping-taxable","25":"purchasable","26":"product-type-simple","27":"has-rating","28":"has-product-nav","29":"col","30":"span_1_of_3","31":"owp-content-center","32":"owp-thumbs-layout-horizontal","33":"owp-btn-normal","34":"owp-tabs-layout-horizontal","35":"has-no-thumbnails"},"acf":[],"yoast_head":"<!-- This site is optimized with the Yoast SEO plugin v25.5 - https:\/\/yoast.com\/wordpress\/plugins\/seo\/ -->\n<title>Cr\u00e8me de jour mat-protect - Lovy NK Kosm\u00e9tik<\/title>\n<meta name=\"description\" content=\"La cr\u00e8me de jour Mat-Protect de Savann&#039; Cosm\u00e9tics est sp\u00e9cialement con\u00e7ue pour offrir une protection et une matification efficaces \u00e0 votre peau.\" \/>\n<meta name=\"robots\" content=\"index, follow, max-snippet:-1, max-image-preview:large, max-video-preview:-1\" \/>\n<link rel=\"canonical\" href=\"https:\/\/lovynkkosmetik.fr\/en\/product\/creme-de-jour-mat-protect\/\" \/>\n<meta property=\"og:locale\" content=\"en_US\" \/>\n<meta property=\"og:type\" content=\"article\" \/>\n<meta property=\"og:title\" content=\"Cr\u00e8me de jour mat-protect - Lovy NK Kosm\u00e9tik\" \/>\n<meta property=\"og:description\" content=\"La cr\u00e8me de jour Mat-Protect de Savann&#039; Cosm\u00e9tics est sp\u00e9cialement con\u00e7ue pour offrir une protection et une matification efficaces \u00e0 votre peau.\" \/>\n<meta property=\"og:url\" content=\"https:\/\/lovynkkosmetik.fr\/en\/product\/creme-de-jour-mat-protect\/\" \/>\n<meta property=\"og:site_name\" content=\"Lovy NK Kosm\u00e9tik\" \/>\n<meta property=\"article:modified_time\" content=\"2024-11-22T21:13:42+00:00\" \/>\n<meta property=\"og:image\" content=\"https:\/\/lovynkkosmetik.fr\/wp-content\/uploads\/2024\/04\/savann-cosmetics-creme-mat-protect.jpg\" \/>\n\t<meta property=\"og:image:width\" content=\"1080\" \/>\n\t<meta property=\"og:image:height\" content=\"1920\" \/>\n\t<meta property=\"og:image:type\" content=\"image\/jpeg\" \/>\n<meta name=\"twitter:card\" content=\"summary_large_image\" \/>\n<meta name=\"twitter:label1\" content=\"Est. reading time\" \/>\n\t<meta name=\"twitter:data1\" content=\"2 minutes\" \/>\n<script type=\"application\/ld+json\" class=\"yoast-schema-graph\">{\"@context\":\"https:\/\/schema.org\",\"@graph\":[{\"@type\":\"WebPage\",\"@id\":\"https:\/\/lovynkkosmetik.fr\/produit\/creme-de-jour-mat-protect\/\",\"url\":\"https:\/\/lovynkkosmetik.fr\/produit\/creme-de-jour-mat-protect\/\",\"name\":\"Cr\u00e8me de jour mat-protect - Lovy NK Kosm\u00e9tik\",\"isPartOf\":{\"@id\":\"https:\/\/lovynkkosmetik.fr\/#website\"},\"primaryImageOfPage\":{\"@id\":\"https:\/\/lovynkkosmetik.fr\/produit\/creme-de-jour-mat-protect\/#primaryimage\"},\"image\":{\"@id\":\"https:\/\/lovynkkosmetik.fr\/produit\/creme-de-jour-mat-protect\/#primaryimage\"},\"thumbnailUrl\":\"https:\/\/lovynkkosmetik.fr\/wp-content\/uploads\/2024\/04\/savann-cosmetics-creme-mat-protect.jpg\",\"datePublished\":\"2024-05-16T21:38:51+00:00\",\"dateModified\":\"2024-11-22T21:13:42+00:00\",\"description\":\"La cr\u00e8me de jour Mat-Protect de Savann' Cosm\u00e9tics est sp\u00e9cialement con\u00e7ue pour offrir une protection et une matification efficaces \u00e0 votre peau.\",\"breadcrumb\":{\"@id\":\"https:\/\/lovynkkosmetik.fr\/produit\/creme-de-jour-mat-protect\/#breadcrumb\"},\"inLanguage\":\"en-US\",\"potentialAction\":[{\"@type\":\"ReadAction\",\"target\":[\"https:\/\/lovynkkosmetik.fr\/produit\/creme-de-jour-mat-protect\/\"]}]},{\"@type\":\"ImageObject\",\"inLanguage\":\"en-US\",\"@id\":\"https:\/\/lovynkkosmetik.fr\/produit\/creme-de-jour-mat-protect\/#primaryimage\",\"url\":\"https:\/\/lovynkkosmetik.fr\/wp-content\/uploads\/2024\/04\/savann-cosmetics-creme-mat-protect.jpg\",\"contentUrl\":\"https:\/\/lovynkkosmetik.fr\/wp-content\/uploads\/2024\/04\/savann-cosmetics-creme-mat-protect.jpg\",\"width\":1080,\"height\":1920,\"caption\":\"Savann Cosmetics - Cr\u00e8me mat protect\"},{\"@type\":\"BreadcrumbList\",\"@id\":\"https:\/\/lovynkkosmetik.fr\/produit\/creme-de-jour-mat-protect\/#breadcrumb\",\"itemListElement\":[{\"@type\":\"ListItem\",\"position\":1,\"name\":\"Accueil\",\"item\":\"https:\/\/lovynkkosmetik.fr\/\"},{\"@type\":\"ListItem\",\"position\":2,\"name\":\"Boutique\",\"item\":\"https:\/\/lovynkkosmetik.fr\/boutique\/\"},{\"@type\":\"ListItem\",\"position\":3,\"name\":\"Cr\u00e8me de jour mat-protect\"}]},{\"@type\":\"WebSite\",\"@id\":\"https:\/\/lovynkkosmetik.fr\/#website\",\"url\":\"https:\/\/lovynkkosmetik.fr\/\",\"name\":\"Lovy NK Kosm\u00e9tik\",\"description\":\"Sublime ta m\u00e9lanine\",\"publisher\":{\"@id\":\"https:\/\/lovynkkosmetik.fr\/#organization\"},\"alternateName\":\"Lovy NK Kosm\u00e9tik\",\"potentialAction\":[{\"@type\":\"SearchAction\",\"target\":{\"@type\":\"EntryPoint\",\"urlTemplate\":\"https:\/\/lovynkkosmetik.fr\/?s={search_term_string}\"},\"query-input\":{\"@type\":\"PropertyValueSpecification\",\"valueRequired\":true,\"valueName\":\"search_term_string\"}}],\"inLanguage\":\"en-US\"},{\"@type\":\"Organization\",\"@id\":\"https:\/\/lovynkkosmetik.fr\/#organization\",\"name\":\"Lovy NK Kosm\u00e9tik\",\"alternateName\":\"Lovy NK Kosm\u00e9tik\",\"url\":\"https:\/\/lovynkkosmetik.fr\/\",\"logo\":{\"@type\":\"ImageObject\",\"inLanguage\":\"en-US\",\"@id\":\"https:\/\/lovynkkosmetik.fr\/#\/schema\/logo\/image\/\",\"url\":\"https:\/\/lovynkkosmetik.fr\/wp-content\/uploads\/2024\/05\/logo-lovy-nk-kosmetik-jaune.png\",\"contentUrl\":\"https:\/\/lovynkkosmetik.fr\/wp-content\/uploads\/2024\/05\/logo-lovy-nk-kosmetik-jaune.png\",\"width\":3699,\"height\":1417,\"caption\":\"Lovy NK Kosm\u00e9tik\"},\"image\":{\"@id\":\"https:\/\/lovynkkosmetik.fr\/#\/schema\/logo\/image\/\"}}]}<\/script>\n<!-- \/ Yoast SEO plugin. -->","yoast_head_json":{"title":"Cr\u00e8me de jour mat-protect - Lovy NK Kosm\u00e9tik","description":"La cr\u00e8me de jour Mat-Protect de Savann' Cosm\u00e9tics est sp\u00e9cialement con\u00e7ue pour offrir une protection et une matification efficaces \u00e0 votre peau.","robots":{"index":"index","follow":"follow","max-snippet":"max-snippet:-1","max-image-preview":"max-image-preview:large","max-video-preview":"max-video-preview:-1"},"canonical":"https:\/\/lovynkkosmetik.fr\/en\/product\/creme-de-jour-mat-protect\/","og_locale":"en_US","og_type":"article","og_title":"Cr\u00e8me de jour mat-protect - Lovy NK Kosm\u00e9tik","og_description":"La cr\u00e8me de jour Mat-Protect de Savann' Cosm\u00e9tics est sp\u00e9cialement con\u00e7ue pour offrir une protection et une matification efficaces \u00e0 votre peau.","og_url":"https:\/\/lovynkkosmetik.fr\/en\/product\/creme-de-jour-mat-protect\/","og_site_name":"Lovy NK Kosm\u00e9tik","article_modified_time":"2024-11-22T21:13:42+00:00","og_image":[{"width":1080,"height":1920,"url":"https:\/\/lovynkkosmetik.fr\/wp-content\/uploads\/2024\/04\/savann-cosmetics-creme-mat-protect.jpg","type":"image\/jpeg"}],"twitter_card":"summary_large_image","twitter_misc":{"Est. reading time":"2 minutes"},"schema":{"@context":"https:\/\/schema.org","@graph":[{"@type":"WebPage","@id":"https:\/\/lovynkkosmetik.fr\/produit\/creme-de-jour-mat-protect\/","url":"https:\/\/lovynkkosmetik.fr\/produit\/creme-de-jour-mat-protect\/","name":"Cr\u00e8me de jour mat-protect - Lovy NK Kosm\u00e9tik","isPartOf":{"@id":"https:\/\/lovynkkosmetik.fr\/#website"},"primaryImageOfPage":{"@id":"https:\/\/lovynkkosmetik.fr\/produit\/creme-de-jour-mat-protect\/#primaryimage"},"image":{"@id":"https:\/\/lovynkkosmetik.fr\/produit\/creme-de-jour-mat-protect\/#primaryimage"},"thumbnailUrl":"https:\/\/lovynkkosmetik.fr\/wp-content\/uploads\/2024\/04\/savann-cosmetics-creme-mat-protect.jpg","datePublished":"2024-05-16T21:38:51+00:00","dateModified":"2024-11-22T21:13:42+00:00","description":"La cr\u00e8me de jour Mat-Protect de Savann' Cosm\u00e9tics est sp\u00e9cialement con\u00e7ue pour offrir une protection et une matification efficaces \u00e0 votre peau.","breadcrumb":{"@id":"https:\/\/lovynkkosmetik.fr\/produit\/creme-de-jour-mat-protect\/#breadcrumb"},"inLanguage":"en-US","potentialAction":[{"@type":"ReadAction","target":["https:\/\/lovynkkosmetik.fr\/produit\/creme-de-jour-mat-protect\/"]}]},{"@type":"ImageObject","inLanguage":"en-US","@id":"https:\/\/lovynkkosmetik.fr\/produit\/creme-de-jour-mat-protect\/#primaryimage","url":"https:\/\/lovynkkosmetik.fr\/wp-content\/uploads\/2024\/04\/savann-cosmetics-creme-mat-protect.jpg","contentUrl":"https:\/\/lovynkkosmetik.fr\/wp-content\/uploads\/2024\/04\/savann-cosmetics-creme-mat-protect.jpg","width":1080,"height":1920,"caption":"Savann Cosmetics - Cr\u00e8me mat protect"},{"@type":"BreadcrumbList","@id":"https:\/\/lovynkkosmetik.fr\/produit\/creme-de-jour-mat-protect\/#breadcrumb","itemListElement":[{"@type":"ListItem","position":1,"name":"Accueil","item":"https:\/\/lovynkkosmetik.fr\/"},{"@type":"ListItem","position":2,"name":"Boutique","item":"https:\/\/lovynkkosmetik.fr\/boutique\/"},{"@type":"ListItem","position":3,"name":"Cr\u00e8me de jour mat-protect"}]},{"@type":"WebSite","@id":"https:\/\/lovynkkosmetik.fr\/#website","url":"https:\/\/lovynkkosmetik.fr\/","name":"Lovy NK Kosm\u00e9tik","description":"Sublime ta m\u00e9lanine","publisher":{"@id":"https:\/\/lovynkkosmetik.fr\/#organization"},"alternateName":"Lovy NK Kosm\u00e9tik","potentialAction":[{"@type":"SearchAction","target":{"@type":"EntryPoint","urlTemplate":"https:\/\/lovynkkosmetik.fr\/?s={search_term_string}"},"query-input":{"@type":"PropertyValueSpecification","valueRequired":true,"valueName":"search_term_string"}}],"inLanguage":"en-US"},{"@type":"Organization","@id":"https:\/\/lovynkkosmetik.fr\/#organization","name":"Lovy NK Kosm\u00e9tik","alternateName":"Lovy NK Kosm\u00e9tik","url":"https:\/\/lovynkkosmetik.fr\/","logo":{"@type":"ImageObject","inLanguage":"en-US","@id":"https:\/\/lovynkkosmetik.fr\/#\/schema\/logo\/image\/","url":"https:\/\/lovynkkosmetik.fr\/wp-content\/uploads\/2024\/05\/logo-lovy-nk-kosmetik-jaune.png","contentUrl":"https:\/\/lovynkkosmetik.fr\/wp-content\/uploads\/2024\/05\/logo-lovy-nk-kosmetik-jaune.png","width":3699,"height":1417,"caption":"Lovy NK Kosm\u00e9tik"},"image":{"@id":"https:\/\/lovynkkosmetik.fr\/#\/schema\/logo\/image\/"}}]}},"_links":{"self":[{"href":"https:\/\/lovynkkosmetik.fr\/en\/wp-json\/wp\/v2\/product\/1381","targetHints":{"allow":["GET"]}}],"collection":[{"href":"https:\/\/lovynkkosmetik.fr\/en\/wp-json\/wp\/v2\/product"}],"about":[{"href":"https:\/\/lovynkkosmetik.fr\/en\/wp-json\/wp\/v2\/types\/product"}],"replies":[{"embeddable":true,"href":"https:\/\/lovynkkosmetik.fr\/en\/wp-json\/wp\/v2\/comments?post=1381"}],"version-history":[{"count":0,"href":"https:\/\/lovynkkosmetik.fr\/en\/wp-json\/wp\/v2\/product\/1381\/revisions"}],"wp:featuredmedia":[{"embeddable":true,"href":"https:\/\/lovynkkosmetik.fr\/en\/wp-json\/wp\/v2\/media\/1275"}],"wp:attachment":[{"href":"https:\/\/lovynkkosmetik.fr\/en\/wp-json\/wp\/v2\/media?parent=1381"}],"wp:term":[{"taxonomy":"product_brand","embeddable":true,"href":"https:\/\/lovynkkosmetik.fr\/en\/wp-json\/wp\/v2\/product_brand?post=1381"},{"taxonomy":"product_cat","embeddable":true,"href":"https:\/\/lovynkkosmetik.fr\/en\/wp-json\/wp\/v2\/product_cat?post=1381"},{"taxonomy":"product_tag","embeddable":true,"href":"https:\/\/lovynkkosmetik.fr\/en\/wp-json\/wp\/v2\/product_tag?post=1381"}],"curies":[{"name":"wp","href":"https:\/\/api.w.org\/{rel}","templated":true}]}}